{"id":10,"date":"2020-09-18T08:09:29","date_gmt":"2020-09-18T08:09:29","guid":{"rendered":"https:\/\/emesshop.ch\/schmuck2\/?page_id=10"},"modified":"2024-05-27T15:31:10","modified_gmt":"2024-05-27T15:31:10","slug":"willkommen","status":"publish","type":"page","link":"https:\/\/emesshop.ch\/schmuck2\/","title":{"rendered":"SCHMUCKundMEH.ch"},"content":{"rendered":"\n<p><\/p>\n\n\n\n<h2 class=\"wp-block-heading has-text-align-center has-pale-pink-color has-text-color\">&#8230;Silberschmuck&#8230;MALA-Ketten&#8230;<br>&#8230;Keramik&#8230;R\u00e4uchern&#8230;Kr\u00e4uterkurse&#8230;<\/h2>\n\n\n\n<p>Willkommen bei SCHMUCKundMEH.ch<br>Seit vielen Jahren bieten wir in unserem L\u00e4deli in Adliswil Kunst &amp; Handwerk aus der Schweiz an.<br>Neben unserem grossen Sortiment an Silberschmuck haben wir auch Wohnaccessoir aus Keramik und Glas im Sortiment.<\/p>\n\n\n\n<p>In unserem *NATUR PUR* Chr\u00fctli Egg\u00e4* finden Sie ein kleines aber feines Sortiment an hochwertigen Bio Produkten von Kleinstproduzenten. Kr\u00e4utertees, Salben, Tinkturen, Bienenwachs, Oliven\u00f6l und einiges mehr.<br>Ausserdem bieten wir Kr\u00e4uterkurse zu verschiedenen Themen an \ud83d\ude42<br>***Nutze die wundervolle Kraft der Natur***<\/p>\n\n\n\n<figure class=\"wp-block-gallery has-nested-images columns-default is-cropped wp-block-gallery-1 is-layout-flex wp-block-gallery-is-layout-flex\">\n<figure class=\"wp-block-image size-large\"><img decoding=\"async\" loading=\"lazy\" width=\"350\" height=\"350\" data-id=\"219\" src=\"https:\/\/emesshop.ch\/schmuck2\/wp-content\/uploads\/2023\/12\/chruetli-eggae-titelbild-1.png\" alt=\"\" class=\"wp-image-219\" srcset=\"https:\/\/emesshop.ch\/schmuck2\/wp-content\/uploads\/2023\/12\/chruetli-eggae-titelbild-1.png 350w, https:\/\/emesshop.ch\/schmuck2\/wp-content\/uploads\/2023\/12\/chruetli-eggae-titelbild-1-300x300.png 300w, https:\/\/emesshop.ch\/schmuck2\/wp-content\/uploads\/2023\/12\/chruetli-eggae-titelbild-1-150x150.png 150w, https:\/\/emesshop.ch\/schmuck2\/wp-content\/uploads\/2023\/12\/chruetli-eggae-titelbild-1-100x100.png 100w\" sizes=\"(max-width: 350px) 100vw, 350px\" \/><\/figure>\n\n\n\n<figure class=\"wp-block-image size-large\"><img decoding=\"async\" loading=\"lazy\" width=\"350\" height=\"350\" data-id=\"220\" src=\"https:\/\/emesshop.ch\/schmuck2\/wp-content\/uploads\/2023\/12\/chruetlieggae-2.png\" alt=\"\" class=\"wp-image-220\" srcset=\"https:\/\/emesshop.ch\/schmuck2\/wp-content\/uploads\/2023\/12\/chruetlieggae-2.png 350w, https:\/\/emesshop.ch\/schmuck2\/wp-content\/uploads\/2023\/12\/chruetlieggae-2-300x300.png 300w, https:\/\/emesshop.ch\/schmuck2\/wp-content\/uploads\/2023\/12\/chruetlieggae-2-150x150.png 150w, https:\/\/emesshop.ch\/schmuck2\/wp-content\/uploads\/2023\/12\/chruetlieggae-2-100x100.png 100w\" sizes=\"(max-width: 350px) 100vw, 350px\" \/><\/figure>\n<\/figure>\n\n\n\n<p><br><\/p>\n\n\n\n<p>Alle unsere Schmuckst\u00fccke werden in sorgf\u00e4ltiger Handarbeit in der Schweiz hergestellt. Wir arbeiten mit 999 und 925 Silber in Kombination mit Edelsteinen, Halbedelsteinen und S\u00fcsswasserperlen. Bei uns finden Sie nur Einzelst\u00fccke und Kleinserien, und auch bei den Kleinserien ist kein St\u00fcck genau wie das Andere \ud83d\ude42<\/p>\n\n\n\n<figure class=\"wp-block-gallery has-nested-images columns-default is-cropped wp-block-gallery-3 is-layout-flex wp-block-gallery-is-layout-flex\">\n<figure class=\"wp-block-image size-large\"><img decoding=\"async\" loading=\"lazy\" width=\"350\" height=\"350\" data-id=\"97\" src=\"https:\/\/emesshop.ch\/schmuck2\/wp-content\/uploads\/2021\/05\/aquamarin-schmuck.png\" alt=\"Silberring mit Aquamarin\" class=\"wp-image-97\" srcset=\"https:\/\/emesshop.ch\/schmuck2\/wp-content\/uploads\/2021\/05\/aquamarin-schmuck.png 350w, https:\/\/emesshop.ch\/schmuck2\/wp-content\/uploads\/2021\/05\/aquamarin-schmuck-300x300.png 300w, https:\/\/emesshop.ch\/schmuck2\/wp-content\/uploads\/2021\/05\/aquamarin-schmuck-150x150.png 150w, https:\/\/emesshop.ch\/schmuck2\/wp-content\/uploads\/2021\/05\/aquamarin-schmuck-100x100.png 100w\" sizes=\"(max-width: 350px) 100vw, 350px\" \/><\/figure>\n\n\n\n<figure class=\"wp-block-image size-large\"><img decoding=\"async\" loading=\"lazy\" width=\"350\" height=\"350\" data-id=\"121\" src=\"https:\/\/emesshop.ch\/schmuck2\/wp-content\/uploads\/2023\/06\/silberring-amulett-filigran.png\" alt=\"\" class=\"wp-image-121\" srcset=\"https:\/\/emesshop.ch\/schmuck2\/wp-content\/uploads\/2023\/06\/silberring-amulett-filigran.png 350w, https:\/\/emesshop.ch\/schmuck2\/wp-content\/uploads\/2023\/06\/silberring-amulett-filigran-300x300.png 300w, https:\/\/emesshop.ch\/schmuck2\/wp-content\/uploads\/2023\/06\/silberring-amulett-filigran-150x150.png 150w, https:\/\/emesshop.ch\/schmuck2\/wp-content\/uploads\/2023\/06\/silberring-amulett-filigran-100x100.png 100w\" sizes=\"(max-width: 350px) 100vw, 350px\" \/><\/figure>\n<\/figure>\n\n\n\n<h2 class=\"wp-block-heading has-pale-pink-color has-text-color\">SILBERscheinbyELSA<\/h2>\n\n\n\n<p>Jedes dieser kraftvollen Schmuckst\u00fccke tr\u00e4gt die ganz spezielle Magie des Momentes in sich.<br>Sie entstehen in den Neu- und Vollmondn\u00e4chten, zu den Jahreskreisfesten und anderen magischen Momenten.<br>Sie fl\u00fcstern ihre wundervollen Geschichten und k\u00f6nnen wertvolle Helfer auf unserem Weg sein.<br>Sp\u00fcre beim Tragen die positive Kraft auf K\u00f6rper, Geist und Seele.<\/p>\n\n\n\n<figure class=\"wp-block-gallery has-nested-images columns-default is-cropped wp-block-gallery-5 is-layout-flex wp-block-gallery-is-layout-flex\">\n<figure class=\"wp-block-image size-large\"><img decoding=\"async\" loading=\"lazy\" width=\"350\" height=\"350\" data-id=\"127\" src=\"https:\/\/emesshop.ch\/schmuck2\/wp-content\/uploads\/2023\/06\/silber-goettin-mit-turmalin-2.png\" alt=\"\" class=\"wp-image-127\" srcset=\"https:\/\/emesshop.ch\/schmuck2\/wp-content\/uploads\/2023\/06\/silber-goettin-mit-turmalin-2.png 350w, https:\/\/emesshop.ch\/schmuck2\/wp-content\/uploads\/2023\/06\/silber-goettin-mit-turmalin-2-300x300.png 300w, https:\/\/emesshop.ch\/schmuck2\/wp-content\/uploads\/2023\/06\/silber-goettin-mit-turmalin-2-150x150.png 150w, https:\/\/emesshop.ch\/schmuck2\/wp-content\/uploads\/2023\/06\/silber-goettin-mit-turmalin-2-100x100.png 100w\" sizes=\"(max-width: 350px) 100vw, 350px\" \/><\/figure>\n\n\n\n<figure class=\"wp-block-image size-large\"><img decoding=\"async\" loading=\"lazy\" width=\"350\" height=\"350\" data-id=\"128\" src=\"https:\/\/emesshop.ch\/schmuck2\/wp-content\/uploads\/2023\/06\/silbermond-cz-aqua.png\" alt=\"\" class=\"wp-image-128\" srcset=\"https:\/\/emesshop.ch\/schmuck2\/wp-content\/uploads\/2023\/06\/silbermond-cz-aqua.png 350w, https:\/\/emesshop.ch\/schmuck2\/wp-content\/uploads\/2023\/06\/silbermond-cz-aqua-300x300.png 300w, https:\/\/emesshop.ch\/schmuck2\/wp-content\/uploads\/2023\/06\/silbermond-cz-aqua-150x150.png 150w, https:\/\/emesshop.ch\/schmuck2\/wp-content\/uploads\/2023\/06\/silbermond-cz-aqua-100x100.png 100w\" sizes=\"(max-width: 350px) 100vw, 350px\" \/><\/figure>\n\n\n\n<figure class=\"wp-block-image size-large\"><img decoding=\"async\" loading=\"lazy\" width=\"350\" height=\"350\" data-id=\"126\" src=\"https:\/\/emesshop.ch\/schmuck2\/wp-content\/uploads\/2023\/06\/silber-goettin-mit-aventurin.png\" alt=\"\" class=\"wp-image-126\" srcset=\"https:\/\/emesshop.ch\/schmuck2\/wp-content\/uploads\/2023\/06\/silber-goettin-mit-aventurin.png 350w, https:\/\/emesshop.ch\/schmuck2\/wp-content\/uploads\/2023\/06\/silber-goettin-mit-aventurin-300x300.png 300w, https:\/\/emesshop.ch\/schmuck2\/wp-content\/uploads\/2023\/06\/silber-goettin-mit-aventurin-150x150.png 150w, https:\/\/emesshop.ch\/schmuck2\/wp-content\/uploads\/2023\/06\/silber-goettin-mit-aventurin-100x100.png 100w\" sizes=\"(max-width: 350px) 100vw, 350px\" \/><\/figure>\n\n\n\n<figure class=\"wp-block-image size-large\"><img decoding=\"async\" loading=\"lazy\" width=\"318\" height=\"350\" data-id=\"246\" src=\"https:\/\/emesshop.ch\/schmuck2\/wp-content\/uploads\/2023\/12\/stoevli-engelsfluegel-gold.png\" alt=\"\" class=\"wp-image-246\" srcset=\"https:\/\/emesshop.ch\/schmuck2\/wp-content\/uploads\/2023\/12\/stoevli-engelsfluegel-gold.png 318w, https:\/\/emesshop.ch\/schmuck2\/wp-content\/uploads\/2023\/12\/stoevli-engelsfluegel-gold-273x300.png 273w\" sizes=\"(max-width: 318px) 100vw, 318px\" \/><\/figure>\n\n\n\n<figure class=\"wp-block-image size-large\"><img decoding=\"async\" loading=\"lazy\" width=\"318\" height=\"350\" data-id=\"248\" src=\"https:\/\/emesshop.ch\/schmuck2\/wp-content\/uploads\/2023\/12\/raeuchrmischung-finssternis-ins-licht.png\" alt=\"\" class=\"wp-image-248\" srcset=\"https:\/\/emesshop.ch\/schmuck2\/wp-content\/uploads\/2023\/12\/raeuchrmischung-finssternis-ins-licht.png 318w, https:\/\/emesshop.ch\/schmuck2\/wp-content\/uploads\/2023\/12\/raeuchrmischung-finssternis-ins-licht-273x300.png 273w\" sizes=\"(max-width: 318px) 100vw, 318px\" \/><\/figure>\n\n\n\n<figure class=\"wp-block-image size-large\"><img decoding=\"async\" loading=\"lazy\" width=\"318\" height=\"350\" data-id=\"249\" src=\"https:\/\/emesshop.ch\/schmuck2\/wp-content\/uploads\/2023\/12\/stoevli-braun-mit-zirkonias-farbig.png\" alt=\"\" class=\"wp-image-249\" srcset=\"https:\/\/emesshop.ch\/schmuck2\/wp-content\/uploads\/2023\/12\/stoevli-braun-mit-zirkonias-farbig.png 318w, https:\/\/emesshop.ch\/schmuck2\/wp-content\/uploads\/2023\/12\/stoevli-braun-mit-zirkonias-farbig-273x300.png 273w\" sizes=\"(max-width: 318px) 100vw, 318px\" \/><\/figure>\n<\/figure>\n\n\n\n<p>Unter&nbsp;der Kategorie <strong>&#8222;R\u00e4uchern&#8220;<\/strong> finden Sie die liebevoll get\u00f6pferten R\u00e4ucherst\u00f6vchen von Semjana. Die dazu passenden R\u00e4ucherwerke werden mit  Kr\u00e4utern vom Albispass und vom Zauberberg (Schatzalp GR) zusammen mit Tannenharzen und hochwertigem Weihrauch gemischt. So entstehen kraftvolle R\u00e4uchermischungen die je nach Bed\u00fcrfnis ausgesucht werden k\u00f6nnen. Sei es f\u00fcr eine energetische Hausreinigung, zur Meditation oder zur Unterst\u00fctzung auf dem eigenen Weg. <\/p>\n\n\n\n<p><\/p>\n\n\n\n<p>Wir w\u00fcnschen viel Spass auf unserer Seite, oder freuen uns auf einen Besuch bei uns im Laden&#8230;..<\/p>\n\n\n\n<h4 class=\"wp-block-heading has-pale-pink-color has-text-color\">#mit Liebe gemacht <br>#von Herz zu Herz <\/h4>\n\n\n\n<figure class=\"wp-block-gallery has-nested-images columns-2 is-cropped wp-block-gallery-7 is-layout-flex wp-block-gallery-is-layout-flex\">\n<figure class=\"wp-block-image size-large\"><img decoding=\"async\" loading=\"lazy\" width=\"350\" height=\"350\" data-id=\"87\" src=\"https:\/\/emesshop.ch\/schmuck2\/wp-content\/uploads\/2021\/03\/kategorie-armbaender.png\" alt=\"\" class=\"wp-image-87\" srcset=\"https:\/\/emesshop.ch\/schmuck2\/wp-content\/uploads\/2021\/03\/kategorie-armbaender.png 350w, https:\/\/emesshop.ch\/schmuck2\/wp-content\/uploads\/2021\/03\/kategorie-armbaender-300x300.png 300w, https:\/\/emesshop.ch\/schmuck2\/wp-content\/uploads\/2021\/03\/kategorie-armbaender-150x150.png 150w, https:\/\/emesshop.ch\/schmuck2\/wp-content\/uploads\/2021\/03\/kategorie-armbaender-100x100.png 100w\" sizes=\"(max-width: 350px) 100vw, 350px\" \/><\/figure>\n\n\n\n<figure class=\"wp-block-image size-large\"><img decoding=\"async\" loading=\"lazy\" width=\"350\" height=\"350\" data-id=\"267\" src=\"https:\/\/emesshop.ch\/schmuck2\/wp-content\/uploads\/2024\/03\/siberring-mit-bronze.png\" alt=\"\" class=\"wp-image-267\" srcset=\"https:\/\/emesshop.ch\/schmuck2\/wp-content\/uploads\/2024\/03\/siberring-mit-bronze.png 350w, https:\/\/emesshop.ch\/schmuck2\/wp-content\/uploads\/2024\/03\/siberring-mit-bronze-300x300.png 300w, https:\/\/emesshop.ch\/schmuck2\/wp-content\/uploads\/2024\/03\/siberring-mit-bronze-150x150.png 150w, https:\/\/emesshop.ch\/schmuck2\/wp-content\/uploads\/2024\/03\/siberring-mit-bronze-100x100.png 100w\" sizes=\"(max-width: 350px) 100vw, 350px\" \/><\/figure>\n<\/figure>\n","protected":false},"excerpt":{"rendered":"<p>&#8230;Silberschmuck&#8230;MALA-Ketten&#8230;&#8230;Keramik&#8230;R\u00e4uchern&#8230;Kr\u00e4uterkurse&#8230; Willkommen bei SCHMUCKundMEH.chSeit vielen Jahren bieten wir in unserem L\u00e4deli in Adliswil Kunst &amp; Handwerk aus der Schweiz an.Neben unserem grossen Sortiment an Silberschmuck haben wir auch Wohnaccessoir aus Keramik und Glas im Sortiment. In unserem *NATUR PUR* Chr\u00fctli Egg\u00e4* finden Sie ein kleines aber feines Sortiment an hochwertigen Bio Produkten von Kleinstproduzenten. Kr\u00e4utertees,<\/p>\n<div class=\"more-link\">\n             <a href=\"https:\/\/emesshop.ch\/schmuck2\/\" class=\"btn btn-theme\">Weiterlesen<i class=\"fa fa-fw fa-long-arrow-right\"><\/i><\/a>\n        <\/div>\n","protected":false},"author":1,"featured_media":0,"parent":0,"menu_order":0,"comment_status":"closed","ping_status":"closed","template":"","meta":{"footnotes":""},"_links":{"self":[{"href":"https:\/\/emesshop.ch\/schmuck2\/index.php\/wp-json\/wp\/v2\/pages\/10"}],"collection":[{"href":"https:\/\/emesshop.ch\/schmuck2\/index.php\/wp-json\/wp\/v2\/pages"}],"about":[{"href":"https:\/\/emesshop.ch\/schmuck2\/index.php\/wp-json\/wp\/v2\/types\/page"}],"author":[{"embeddable":true,"href":"https:\/\/emesshop.ch\/schmuck2\/index.php\/wp-json\/wp\/v2\/users\/1"}],"replies":[{"embeddable":true,"href":"https:\/\/emesshop.ch\/schmuck2\/index.php\/wp-json\/wp\/v2\/comments?post=10"}],"version-history":[{"count":26,"href":"https:\/\/emesshop.ch\/schmuck2\/index.php\/wp-json\/wp\/v2\/pages\/10\/revisions"}],"predecessor-version":[{"id":268,"href":"https:\/\/emesshop.ch\/schmuck2\/index.php\/wp-json\/wp\/v2\/pages\/10\/revisions\/268"}],"wp:attachment":[{"href":"https:\/\/emesshop.ch\/schmuck2\/index.php\/wp-json\/wp\/v2\/media?parent=10"}],"curies":[{"name":"wp","href":"https:\/\/api.w.org\/{rel}","templated":true}]}}